{"id":3608,"date":"2017-10-03T09:11:43","date_gmt":"2017-10-03T09:11:43","guid":{"rendered":"https:\/\/demo.themeum.com\/wordpress\/educon\/checkout\/"},"modified":"2020-08-17T19:05:49","modified_gmt":"2020-08-17T19:05:49","slug":"estudiante-aprendo-encasa","status":"publish","type":"page","link":"https:\/\/ugelcusco.gob.pe\/ws\/estudiante-aprendo-encasa\/","title":{"rendered":"Estudiante Aprendo en Casa"},"content":{"rendered":"<p>[vc_row css=\u00bb.vc_custom_1596818786419{margin-bottom: 25px !important;}\u00bb][vc_column]<div class=\"addon-themeum-title \" style=\"text-align:left;\"><div class=\"themeum-title title-leftborder leftborder\"><h1 class=\"thm-titlecustomstyle\" style=\"font-size:16px;word-wrap: break-word;color:#000000;font-weight:700;margin:0px 0 20px 0;\">Documentos<\/h1><\/div><\/div>[vc_row_inner][vc_column_inner width=\u00bb1\/5&#8243;][image_swap hover_effect=\u00bbsquare effect7&#8243; image_id=\u00bb4655&#8243; caption_url=\u00bburl:%2Fws%2Fwp-content%2Fuploads%2F2020%2F08%2Fcomunicado-20-11-2019-367.pdf|||\u00bb image_id2=\u00bb4656&#8243;][\/vc_column_inner][vc_column_inner width=\u00bb1\/5&#8243;][\/vc_column_inner][vc_column_inner width=\u00bb1\/5&#8243;][\/vc_column_inner][vc_column_inner width=\u00bb1\/5&#8243;][\/vc_column_inner][vc_column_inner width=\u00bb1\/5&#8243;][\/vc_column_inner][\/vc_row_inner][\/vc_column][\/vc_row][vc_row css=\u00bb.vc_custom_1596770957461{margin-bottom: 25px !important;}\u00bb][vc_column]<div class=\"addon-themeum-title \" style=\"text-align:left;\"><div class=\"themeum-title title-leftborder leftborder\"><h1 class=\"thm-titlecustomstyle\" style=\"font-size:16px;word-wrap: break-word;color:#000000;font-weight:700;margin:0px 0 20px 0;\">Introducci\u00f3n<\/h1><div class=\"thm-sub-titlecustomstylesub\" style=\"font-size:24px;word-wrap: break-word;color:#000000;font-weight:300;margin:0 0 10px 0;\">Estudiante<\/div><div class=\"introtext\" style=\"font-size:14px;word-wrap: break-word;color:#959595;\">El objetivo de esta estrategia, que tambi\u00e9n contempla el uso diario de se\u00f1ales de radio y televisi\u00f3n, es garantizar el acceso a una educaci\u00f3n de calidad, en el marco de la transformaci\u00f3n digital de la educaci\u00f3n y la implementaci\u00f3n del Curr\u00edculo Nacional, para todos los estudiantes del pa\u00eds.<\/div><\/div><\/div>[\/vc_column][\/vc_row][vc_row][vc_column][vc_single_image image=\u00bb4515&#8243; img_size=\u00bblarge\u00bb alignment=\u00bbcenter\u00bb style=\u00bbvc_box_shadow\u00bb onclick=\u00bblink_image\u00bb][\/vc_column][\/vc_row][vc_row][vc_column]<div class=\"addon-themeum-title \" style=\"text-align:left;\"><div class=\"themeum-title title-leftborder leftborder\"><h1 class=\"thm-titlecustomstyle\" style=\"font-size:16px;word-wrap: break-word;color:#000000;font-weight:700;margin:0px 0 20px 0;\">Gu\u00eda del Estudiante<\/h1><\/div><\/div>[vc_row_inner][vc_column_inner css=\u00bb.vc_custom_1596833730464{padding-left: 30px !important;}\u00bb]<div class=\"addon-themeum-title \" style=\"text-align:left;\"><div class=\"themeum-title title-leftborder leftborder\"><h1 class=\"thm-titlecustomstyle\" style=\"font-size:14px;word-wrap: break-word;color:#000000;font-weight:700;margin:0px 0 20px 0;\">Cronograma Semana I<\/h1><\/div><\/div>[vc_column_text]<\/p>\n<ul style=\"text-align: left;\">\n<li><a href=\"\/ws\/wp-content\/uploads\/2020\/08\/semana-1-cronograma.pdf\">Cronograma Semana I.<\/a><\/li>\n<li><a href=\"\/ws\/wp-content\/uploads\/2020\/08\/Programacion_Radio_TV_5_Abril.39da82c3.pdf\">Programaci\u00f3n de las Estrategias \u00abAPRENDO EN CASA\u00bb.<\/a><\/li>\n<li><a href=\"https:\/\/we.tl\/t-cYenarZWaE\">Audios del d\u00eda 6 de marzo: QUECHUA CHANKA\u00bb.<\/a><\/li>\n<li><a href=\"https:\/\/we.tl\/t-9bDDcmEvOA\" target=\"_blank\" rel=\"noopener noreferrer\"> QUECHUA COLLAO\u00bb.<\/a><\/li>\n<li><a href=\"https:\/\/we.tl\/t-147DBRIl6r\" target=\"_blank\" rel=\"noopener noreferrer\">QUECHUA CENTRAL\u00bb.<\/a><\/li>\n<li><a href=\"https:\/\/we.tl\/t-yyzHX8xYrX\" target=\"_blank\" rel=\"noopener noreferrer\"> AIMARA\u00bb.<\/a><\/li>\n<li><a href=\"https:\/\/we.tl\/t-li2vS6Po8a\" target=\"_blank\" rel=\"noopener noreferrer\">AWAJUN\u00bb.<\/a><\/li>\n<li><a href=\"https:\/\/we.tl\/t-Vpnvh5M9Ta\" target=\"_blank\" rel=\"noopener noreferrer\">ASHANINKA\u00bb.<\/a><\/li>\n<li><a href=\"https:\/\/we.tl\/t-6TPkrf46yk\" target=\"_blank\" rel=\"noopener noreferrer\">YANESHA\u00bb.<\/a><\/li>\n<li><a href=\"https:\/\/we.tl\/t-8A4iY2bJZ8\" target=\"_blank\" rel=\"noopener noreferrer\">SHIPIBO\u00bb.<\/a><\/li>\n<li><a href=\"https:\/\/drive.google.com\/drive\/mobile\/folders\/1cBzbfAOYzURdTEM71tRYi1xiyk3q-I4C?usp=sharing.\">Estimados colegas ya pueden descargar los programas de radio para los d\u00edas 06,07 y 08 de abril. DRIVE\u00bb<\/a><\/li>\n<\/ul>\n<p>[\/vc_column_text][\/vc_column_inner][\/vc_row_inner][vc_row_inner][vc_column_inner css=\u00bb.vc_custom_1596833769407{padding-left: 30px !important;}\u00bb]<div class=\"addon-themeum-title \" style=\"text-align:left;\"><div class=\"themeum-title title-leftborder leftborder\"><h1 class=\"thm-titlecustomstyle\" style=\"font-size:14px;word-wrap: break-word;color:#000000;font-weight:700;margin:0px 0 20px 0;\">Cronograma Semana II<\/h1><\/div><\/div>[vc_column_text]<\/p>\n<ul>\n<li><a href=\"\/ws\/wp-content\/uploads\/2020\/08\/Horario-Programas_Radio-Nacional.pdf.pdf\">PROGRAMACI\u00d3N DE ESTA SEMANA RADIO NACIONAL.<\/a><\/li>\n<li><a href=\"\/ws\/wp-content\/uploads\/2020\/08\/Horario-Programas.pdf\">PROGRAMACI\u00d3N DE ESTA SEMANA TVPER\u00da.<\/a><\/li>\n<li><a href=\"\/ws\/wp-content\/uploads\/2020\/08\/6.%20Primaria%201\u00b0%20y%202\u00b0%20CyT%2017-abr.mp3\">Primaria 1\u00b0 y 2\u00b0 CyT 17-abril.<\/a><\/li>\n<li><a href=\"https:\/\/www.youtube.com\/watch?v=-7HTqX_ibG0&amp;feature=youtu.be\" target=\"_blank\" rel=\"noopener noreferrer\">CADEX Aprendo en Casa.<\/a><\/li>\n<li><a href=\"\/ws\/wp-content\/uploads\/2020\/08\/6.%20Primaria%201\u00b0%20y%202\u00b0%20CyT%2017-abr.mp3\">Primaria 1\u00b0 y 2\u00b0 CyT 17-abril.<\/a><\/li>\n<li><a href=\"https:\/\/www.youtube.com\/watch?v=-7HTqX_bG0&amp;feature=youtu.be\" target=\"_blank\" rel=\"noopener noreferrer\">CADEX Aprendo en Casa.<\/a><\/li>\n<li><a href=\"\/ws\/wp-content\/uploads\/2020\/08\/Programaci\u00f3n-radial_AprendoEnCasa_20-de-abril.pdf\">Programaci\u00f3n radial_AprendoEnCasa_20 de abril.<\/a><\/li>\n<\/ul>\n<p>[\/vc_column_text][\/vc_column_inner][\/vc_row_inner][vc_row_inner][vc_column_inner css=\u00bb.vc_custom_1596929449493{padding-left: 30px !important;}\u00bb]<div class=\"addon-themeum-title \" style=\"text-align:left;\"><div class=\"themeum-title title-leftborder leftborder\"><h1 class=\"thm-titlecustomstyle\" style=\"font-size:14px;word-wrap: break-word;color:#000000;font-weight:700;margin:0px 0 20px 0;\">Cronograma Semana III<\/h1><\/div><\/div>[vc_column_text]<\/p>\n<ul>\n<li><a href=\"\/ws\/wp-content\/uploads\/2020\/08\/Horario-Programas_semana3.pdf\">PROGRAMACI\u00d3N DE ESTA SEMANA TVPER\u00da lunes 20 al Viernes 24.<\/a><\/li>\n<\/ul>\n<p>[\/vc_column_text][\/vc_column_inner][\/vc_row_inner][vc_row_inner][vc_column_inner css=\u00bb.vc_custom_1596929458068{padding-left: 30px !important;}\u00bb]<div class=\"addon-themeum-title \" style=\"text-align:left;\"><div class=\"themeum-title title-leftborder leftborder\"><h1 class=\"thm-titlecustomstyle\" style=\"font-size:14px;word-wrap: break-word;color:#000000;font-weight:700;margin:0px 0 20px 0;\">Cronograma Semana IV<\/h1><\/div><\/div>[vc_column_text]<\/p>\n<ul>\n<li><a href=\"\/ws\/wp-content\/uploads\/2020\/08\/Horario-Programas_semana-4.pdf\">PROGRAMACI\u00d3N DE ESTA SEMANA TVPER\u00da lunes 27 al Viernes 30.<\/a><\/li>\n<\/ul>\n<p>[\/vc_column_text][\/vc_column_inner][\/vc_row_inner][\/vc_column][\/vc_row]<\/p>\n","protected":false},"excerpt":{"rendered":"<p>[vc_row css=\u00bb.vc_custom_1596818786419{margin-bottom: 25px !important;}\u00bb][vc_column][vc_row_inner][vc_column_inner width=\u00bb1\/5&#8243;][image_swap hover_effect=\u00bbsquare effect7&#8243; image_id=\u00bb4655&#8243; caption_url=\u00bburl:%2Fws%2Fwp-content%2Fuploads%2F2020%2F08%2Fcomunicado-20-11-2019-367.pdf|||\u00bb image_id2=\u00bb4656&#8243;][\/vc_column_inner][vc_column_inner width=\u00bb1\/5&#8243;][\/vc_column_inner][vc_column_inner width=\u00bb1\/5&#8243;][\/vc_column_inner][vc_column_inner width=\u00bb1\/5&#8243;][\/vc_column_inner][vc_column_inner width=\u00bb1\/5&#8243;][\/vc_column_inner][\/vc_row_inner][\/vc_column][\/vc_row][vc_row css=\u00bb.vc_custom_1596770957461{margin-bottom: 25px !important;}\u00bb][vc_column][\/vc_column][\/vc_row][vc_row][vc_column][vc_single_image image=\u00bb4515&#8243; img_size=\u00bblarge\u00bb alignment=\u00bbcenter\u00bb style=\u00bbvc_box_shadow\u00bb onclick=\u00bblink_image\u00bb][\/vc_column][\/vc_row][vc_row][vc_column][vc_row_inner][vc_column_inner css=\u00bb.vc_custom_1596833730464{padding-left: 30px !important;}\u00bb][vc_column_text] Cronograma Semana I. Programaci\u00f3n de las Estrategias \u00abAPRENDO EN CASA\u00bb. Audios del d\u00eda 6 de marzo: QUECHUA CHANKA\u00bb. QUECHUA COLLAO\u00bb. QUECHUA CENTRAL\u00bb. AIMARA\u00bb. AWAJUN\u00bb. ASHANINKA\u00bb. YANESHA\u00bb. SHIPIBO\u00bb. Estimados colegas ya [&hellip;]<\/p>\n","protected":false},"author":1,"featured_media":0,"parent":0,"menu_order":0,"comment_status":"closed","ping_status":"closed","template":"full-page.php","meta":{"qubely_global_settings":"","qubely_interactions":"","footnotes":""},"class_list":["post-3608","page","type-page","status-publish","hentry"],"_links":{"self":[{"href":"https:\/\/ugelcusco.gob.pe\/ws\/wp-json\/wp\/v2\/pages\/3608","targetHints":{"allow":["GET"]}}],"collection":[{"href":"https:\/\/ugelcusco.gob.pe\/ws\/wp-json\/wp\/v2\/pages"}],"about":[{"href":"https:\/\/ugelcusco.gob.pe\/ws\/wp-json\/wp\/v2\/types\/page"}],"author":[{"embeddable":true,"href":"https:\/\/ugelcusco.gob.pe\/ws\/wp-json\/wp\/v2\/users\/1"}],"replies":[{"embeddable":true,"href":"https:\/\/ugelcusco.gob.pe\/ws\/wp-json\/wp\/v2\/comments?post=3608"}],"version-history":[{"count":8,"href":"https:\/\/ugelcusco.gob.pe\/ws\/wp-json\/wp\/v2\/pages\/3608\/revisions"}],"predecessor-version":[{"id":5231,"href":"https:\/\/ugelcusco.gob.pe\/ws\/wp-json\/wp\/v2\/pages\/3608\/revisions\/5231"}],"wp:attachment":[{"href":"https:\/\/ugelcusco.gob.pe\/ws\/wp-json\/wp\/v2\/media?parent=3608"}],"curies":[{"name":"wp","href":"https:\/\/api.w.org\/{rel}","templated":true}]}}